{"id":5936,"date":"2021-04-10T23:12:06","date_gmt":"2021-04-10T21:12:06","guid":{"rendered":"https:\/\/www.serre-poncon-parapente.fr\/boek-een-paraglidingvlucht-voor-kinderen\/"},"modified":"2023-04-03T18:31:55","modified_gmt":"2023-04-03T16:31:55","slug":"boek-een-paraglidingvlucht-voor-kinderen","status":"publish","type":"page","link":"https:\/\/www.serre-poncon-parapente.fr\/de\/boek-een-paraglidingvlucht-voor-kinderen\/","title":{"rendered":"Boek een paraglidingvlucht voor kinderen"},"content":{"rendered":"<p><div class=\"fusion-fullwidth fullwidth-box fusion-builder-row-1 fusion-flex-container fusion-parallax-none nonhundred-percent-fullwidth non-hundred-percent-height-scrolling\" style=\"--awb-background-blend-mode:overlay;--awb-border-radius-top-left:0px;--awb-border-radius-top-right:0px;--awb-border-radius-bottom-right:0px;--awb-border-radius-bottom-left:0px;--awb-padding-top:-4%;--awb-padding-right:8%;--awb-padding-bottom:;--awb-padding-left:8%;--awb-margin-top:-2%;--awb-margin-bottom:0px;--awb-min-height:60vh;--awb-background-color:rgba(0,0,0,0.28);--awb-background-image:url(&quot;https:\/\/www.serre-poncon-parapente.fr\/wp-content\/uploads\/2023\/03\/Portrait-Olivier-Passager_-01-SD.jpg&quot;);--awb-background-size:cover;\" ><div class=\"fusion-builder-row fusion-row fusion-flex-align-items-flex-start fusion-flex-align-content-center\" style=\"max-width:1228.5px;margin-left: calc(-5% \/ 2 );margin-right: calc(-5% \/ 2 );\"><div class=\"fusion-layout-column fusion_builder_column fusion-builder-column-0 fusion_builder_column_1_1 1_1 fusion-flex-column fusion-flex-align-self-flex-start\" style=\"--awb-padding-top:10%;--awb-bg-size:cover;--awb-width-large:100%;--awb-spacing-right-large:2.375%;--awb-spacing-left-large:2.375%;--awb-width-medium:100%;--awb-order-medium:0;--awb-spacing-right-medium:2.375%;--awb-spacing-left-medium:2.375%;--awb-width-small:100%;--awb-order-small:0;--awb-spacing-right-small:2.375%;--awb-spacing-left-small:2.375%;\"><div class=\"fusion-column-wrapper fusion-column-has-shadow fusion-flex-justify-content-flex-end fusion-content-layout-column\"><div class=\"fusion-title title fusion-title-1 fusion-sep-none fusion-title-center fusion-title-text fusion-title-size-one\" style=\"--awb-text-color:var(--awb-custom_color_1);--awb-margin-top:2%;--awb-font-size:48px;\"><h1 class=\"title-heading-center fusion-responsive-typography-calculated\" style=\"font-family:&quot;Strenuous&quot;;font-style:normal;font-weight:400;margin:0;font-size:1em;text-transform:none;--fontSize:48;line-height:1.16;\">Boek een paraglidingvlucht voor kinderen<\/h1><\/div><\/div><\/div><div class=\"fusion-layout-column fusion_builder_column fusion-builder-column-1 fusion_builder_column_1_1 1_1 fusion-flex-column\" style=\"--awb-bg-size:cover;--awb-width-large:100%;--awb-spacing-right-large:2.375%;--awb-spacing-left-large:2.375%;--awb-width-medium:100%;--awb-order-medium:0;--awb-spacing-right-medium:2.375%;--awb-spacing-left-medium:2.375%;--awb-width-small:100%;--awb-order-small:0;--awb-spacing-right-small:2.375%;--awb-spacing-left-small:2.375%;\"><div class=\"fusion-column-wrapper fusion-column-has-shadow fusion-flex-justify-content-flex-start fusion-content-layout-column\"><div class=\"fusion-separator fusion-full-width-sep\" style=\"align-self: center;margin-left: auto;margin-right: auto;flex-grow:10;width:100%;\"><\/div><\/div><\/div><\/div><\/div><div class=\"fusion-fullwidth fullwidth-box fusion-builder-row-2 fusion-flex-container nonhundred-percent-fullwidth non-hundred-percent-height-scrolling\" style=\"--awb-border-radius-top-left:0px;--awb-border-radius-top-right:0px;--awb-border-radius-bottom-right:0px;--awb-border-radius-bottom-left:0px;--awb-padding-top:0px;--awb-padding-right-small:2%;--awb-padding-left-small:2%;--awb-margin-top:0px;--awb-background-color:var(--awb-color1);\" ><div class=\"fusion-builder-row fusion-row fusion-flex-align-items-flex-start\" style=\"max-width:1228.5px;margin-left: calc(-5% \/ 2 );margin-right: calc(-5% \/ 2 );\"><div class=\"fusion-layout-column fusion_builder_column fusion-builder-column-2 fusion_builder_column_1_6 1_6 fusion-flex-column fusion-flex-align-self-center fusion-no-small-visibility\" style=\"--awb-padding-left-small:0px;--awb-bg-size:cover;--awb-width-large:16.666666666667%;--awb-margin-top-large:100px;--awb-spacing-right-large:14.25%;--awb-spacing-left-large:14.25%;--awb-width-medium:16.666666666667%;--awb-order-medium:0;--awb-margin-top-medium:50px;--awb-spacing-right-medium:14.25%;--awb-spacing-left-medium:14.25%;--awb-width-small:100%;--awb-order-small:0;--awb-spacing-right-small:0%;--awb-spacing-left-small:0%;\"><div class=\"fusion-column-wrapper fusion-column-has-shadow fusion-flex-justify-content-center fusion-content-layout-column\"><i class=\"fb-icon-element-1 fb-icon-element fontawesome-icon fa-info-circle fas circle-no fusion-text-flow\" style=\"--awb-iconcolor:var(--awb-custom_color_2);--awb-iconcolor-hover:var(--awb-custom_color_2);--awb-font-size:86px;--awb-sm-align-self:center;--awb-margin-right:10px;--awb-margin-left:10px;\"><\/i><\/div><\/div><div class=\"fusion-layout-column fusion_builder_column fusion-builder-column-3 fusion_builder_column_4_5 4_5 fusion-flex-column fusion-no-small-visibility\" style=\"--awb-bg-size:cover;--awb-width-large:80%;--awb-margin-top-large:100px;--awb-spacing-right-large:2.96875%;--awb-spacing-left-large:0%;--awb-width-medium:80%;--awb-order-medium:0;--awb-margin-top-medium:50px;--awb-spacing-right-medium:2.96875%;--awb-spacing-left-medium:0%;--awb-width-small:100%;--awb-order-small:0;--awb-spacing-right-small:2.375%;--awb-spacing-left-small:2.375%;\"><div class=\"fusion-column-wrapper fusion-column-has-shadow fusion-flex-justify-content-flex-start fusion-content-layout-column\"><div class=\"fusion-title title fusion-title-2 fusion-title-text fusion-title-size-two\" style=\"--awb-text-color:var(--awb-custom_color_2);\"><div class=\"title-sep-container title-sep-container-left fusion-no-large-visibility fusion-no-medium-visibility\"><div class=\"title-sep sep-double sep-solid\" style=\"border-color:#e2e2e2;\"><\/div><\/div><span class=\"awb-title-spacer fusion-no-large-visibility fusion-no-medium-visibility\"><\/span><h2 class=\"title-heading-left sm-text-align-center fusion-responsive-typography-calculated\" style=\"margin:0;--fontSize:35;line-height:1.2;\"><h2>3 paragliding-doopfeesten voor het plezier van kinderen<\/h2><\/h2><span class=\"awb-title-spacer\"><\/span><div class=\"title-sep-container title-sep-container-right\"><div class=\"title-sep sep-double sep-solid\" style=\"border-color:#e2e2e2;\"><\/div><\/div><\/div><\/div><\/div><div class=\"fusion-layout-column fusion_builder_column fusion-builder-column-4 fusion_builder_column_1_2 1_2 fusion-flex-column fusion-flex-align-self-center fusion-no-small-visibility\" style=\"--awb-bg-size:cover;--awb-width-large:50%;--awb-margin-top-large:50px;--awb-spacing-right-large:4.75%;--awb-spacing-left-large:4.75%;--awb-width-medium:50%;--awb-order-medium:0;--awb-margin-top-medium:0px;--awb-spacing-right-medium:4.75%;--awb-spacing-left-medium:4.75%;--awb-width-small:100%;--awb-order-small:0;--awb-spacing-right-small:2.375%;--awb-spacing-left-small:2.375%;\"><div class=\"fusion-column-wrapper fusion-column-has-shadow fusion-flex-justify-content-center fusion-content-layout-column\"><div class=\"fusion-image-element \" style=\"text-align:center;--awb-margin-bottom:50px;\"><span class=\" fusion-imageframe imageframe-none imageframe-1 hover-type-none\" style=\"border-radius:30px;\"><img decoding=\"async\" width=\"2560\" height=\"1920\" alt=\"vol parapente ubaye serre-poncon\" title=\"vol enfant intiation 2 web\" src=\"https:\/\/www.serre-poncon-parapente.fr\/wp-content\/uploads\/2023\/03\/vol-enfant-intiation-2-web-1-scaled.jpg\" class=\"img-responsive wp-image-6720\" srcset=\"https:\/\/www.serre-poncon-parapente.fr\/wp-content\/uploads\/2023\/03\/vol-enfant-intiation-2-web-1-200x150.jpg 200w, https:\/\/www.serre-poncon-parapente.fr\/wp-content\/uploads\/2023\/03\/vol-enfant-intiation-2-web-1-400x300.jpg 400w, https:\/\/www.serre-poncon-parapente.fr\/wp-content\/uploads\/2023\/03\/vol-enfant-intiation-2-web-1-600x450.jpg 600w, https:\/\/www.serre-poncon-parapente.fr\/wp-content\/uploads\/2023\/03\/vol-enfant-intiation-2-web-1-800x600.jpg 800w, https:\/\/www.serre-poncon-parapente.fr\/wp-content\/uploads\/2023\/03\/vol-enfant-intiation-2-web-1-1200x900.jpg 1200w, https:\/\/www.serre-poncon-parapente.fr\/wp-content\/uploads\/2023\/03\/vol-enfant-intiation-2-web-1-scaled.jpg 2560w\" sizes=\"(max-width: 640px) 100vw, 600px\" \/><\/span><\/div><\/div><\/div><div class=\"fusion-layout-column fusion_builder_column fusion-builder-column-5 fusion_builder_column_1_2 1_2 fusion-flex-column fusion-flex-align-self-center\" style=\"--awb-padding-right-small:2%;--awb-padding-left-small:2%;--awb-bg-size:cover;--awb-width-large:50%;--awb-margin-top-large:75px;--awb-spacing-right-large:4.75%;--awb-margin-bottom-large:0px;--awb-spacing-left-large:4.75%;--awb-width-medium:50%;--awb-order-medium:0;--awb-margin-top-medium:50px;--awb-spacing-right-medium:4.75%;--awb-spacing-left-medium:4.75%;--awb-width-small:100%;--awb-order-small:0;--awb-spacing-right-small:2.375%;--awb-spacing-left-small:2.375%;\"><div class=\"fusion-column-wrapper fusion-column-has-shadow fusion-flex-justify-content-center fusion-content-layout-column\"><div class=\"fusion-title title fusion-title-3 fusion-sep-none fusion-title-text fusion-title-size-two\" style=\"--awb-text-color:var(--awb-custom_color_2);--awb-margin-top-small:4%;\"><h2 class=\"title-heading-left fusion-responsive-typography-calculated\" style=\"font-family:&quot;Strenuous&quot;;font-style:normal;font-weight:400;margin:0;--fontSize:35;line-height:1.2;text-shadow:0px;\"><span style=\"vertical-align: inherit;\"><span style=\"vertical-align: inherit;\">Initiatie vluchtinformatie voor kinderen<\/span><\/span><\/h2><\/div><ul style=\"--awb-size:20px;--awb-line-height:34px;--awb-icon-width:34px;--awb-icon-height:34px;--awb-icon-margin:14px;--awb-content-margin:48px;--awb-circlecolor:rgba(204,203,116,0);--awb-circle-yes-font-size:17.6px;\" class=\"fusion-checklist fusion-checklist-1 fusion-checklist-default type-icons\"><li class=\"fusion-li-item\" style=\"\"><span class=\"icon-wrapper circle-yes\"><i class=\"fusion-li-icon icon-ico-arrow\" aria-hidden=\"true\"><\/i><\/span><div class=\"fusion-li-item-content\">Preis: 80 \u20ac<\/div><\/li><li class=\"fusion-li-item\" style=\"\"><span class=\"icon-wrapper circle-yes\"><i class=\"fusion-li-icon icon-ico-arrow\" aria-hidden=\"true\"><\/i><\/span><div class=\"fusion-li-item-content\">Vluchtduur: minimaal 10 minuten<\/div><\/li><li class=\"fusion-li-item\" style=\"\"><span class=\"icon-wrapper circle-yes\"><i class=\"fusion-li-icon icon-ico-arrow\" aria-hidden=\"true\"><\/i><\/span><div class=\"fusion-li-item-content\">\n<p>Geschikt voor 3 &#8211; 6 jaar oud<\/p>\n<\/div><\/li><li class=\"fusion-li-item\" style=\"\"><span class=\"icon-wrapper circle-yes\"><i class=\"fusion-li-icon icon-ico-arrow\" aria-hidden=\"true\"><\/i><\/span><div class=\"fusion-li-item-content\">\n<p>Thermische vlucht<\/p>\n<\/div><\/li><li class=\"fusion-li-item\" style=\"\"><span class=\"icon-wrapper circle-yes\"><i class=\"fusion-li-icon icon-ico-arrow\" aria-hidden=\"true\"><\/i><\/span><div class=\"fusion-li-item-content\">\n<p>Start en landing in St Vincent-les-forts<\/p>\n<\/div><\/li><li class=\"fusion-li-item\" style=\"\"><span class=\"icon-wrapper circle-yes\"><i class=\"fusion-li-icon icon-ico-arrow\" aria-hidden=\"true\"><\/i><\/span><div class=\"fusion-li-item-content\">\n<p>Maximaal passagiersgewicht: 45 kg<\/p>\n<\/div><\/li><li class=\"fusion-li-item\" style=\"\"><span class=\"icon-wrapper circle-yes\"><i class=\"fusion-li-icon icon-ico-arrow\" aria-hidden=\"true\"><\/i><\/span><div class=\"fusion-li-item-content\">Deze vlucht vindt plaats in de middag van 13.00 uur tot 15.00 uur.<\/div><\/li><li class=\"fusion-li-item\" style=\"\"><span class=\"icon-wrapper circle-yes\"><i class=\"fusion-li-icon icon-ico-arrow\" aria-hidden=\"true\"><\/i><\/span><div class=\"fusion-li-item-content\">Zeitraum der Aktivit\u00e4t: von April bis 15. Oktober<\/div><\/li><\/ul><div style=\"text-align:center;\"><a class=\"fusion-button button-flat button-xlarge button-custom fusion-button-default button-1 fusion-button-default-span fusion-button-default-type fusion-animated fusion-has-button-gradient\" style=\"--button_accent_color:var(--awb-custom_color_2);--button_border_color:#004d77;--button_accent_hover_color:#ffffff;--button_border_hover_color:#ffffff;--button_border_width-top:0px;--button_border_width-right:0px;--button_border_width-bottom:0px;--button_border_width-left:0px;--button-border-radius-top-left:30px;--button-border-radius-top-right:30px;--button-border-radius-bottom-right:30px;--button-border-radius-bottom-left:30px;--button_gradient_top_color:var(--awb-custom_color_4);--button_gradient_bottom_color:var(--awb-custom_color_3);--button_gradient_top_color_hover:var(--awb-custom_color_1);--button_gradient_bottom_color_hover:var(--awb-custom_color_1);--button_margin-top:10%;--button_margin-bottom:5%;\" data-animationType=\"fadeIn\" data-animationDuration=\"1.0\" data-animationOffset=\"top-into-view\" target=\"_self\" href=\"https:\/\/booking.yoplanning.pro\/a9ecc987-3e0a-4f3c-bf3f-2f9d50620043\/product\/65c66e08-d433-4a8f-8df9-a1b1c2e1cc65\"><i class=\"fa-plane-departure fas button-icon-left\" aria-hidden=\"true\"><\/i><span class=\"fusion-button-text\">diesen Flug buchen<\/span><\/a><\/div><\/div><\/div><div class=\"fusion-layout-column fusion_builder_column fusion-builder-column-6 fusion_builder_column_1_2 1_2 fusion-flex-column fusion-flex-align-self-center\" style=\"--awb-padding-right-small:2%;--awb-padding-left-small:2%;--awb-bg-size:cover;--awb-width-large:50%;--awb-margin-top-large:75px;--awb-spacing-right-large:4.75%;--awb-margin-bottom-large:75px;--awb-spacing-left-large:4.75%;--awb-width-medium:50%;--awb-order-medium:0;--awb-margin-top-medium:50px;--awb-spacing-right-medium:4.75%;--awb-spacing-left-medium:4.75%;--awb-width-small:100%;--awb-order-small:0;--awb-spacing-right-small:2.375%;--awb-spacing-left-small:2.375%;\"><div class=\"fusion-column-wrapper fusion-column-has-shadow fusion-flex-justify-content-center fusion-content-layout-column\"><div class=\"fusion-title title fusion-title-4 fusion-sep-none fusion-title-text fusion-title-size-two\" style=\"--awb-text-color:var(--awb-custom_color_2);--awb-margin-top-small:4%;\"><h2 class=\"title-heading-left fusion-responsive-typography-calculated\" style=\"font-family:&quot;Strenuous&quot;;font-style:normal;font-weight:400;margin:0;--fontSize:35;line-height:1.2;text-shadow:0px;\"><span style=\"vertical-align: inherit;\"><span style=\"vertical-align: inherit;\">Panoramische informatie over kindervluchten<\/span><\/span><\/h2><\/div><ul style=\"--awb-size:20px;--awb-line-height:34px;--awb-icon-width:34px;--awb-icon-height:34px;--awb-icon-margin:14px;--awb-content-margin:48px;--awb-circlecolor:rgba(204,203,116,0);--awb-circle-yes-font-size:17.6px;\" class=\"fusion-checklist fusion-checklist-2 fusion-checklist-default type-icons\"><li class=\"fusion-li-item\" style=\"\"><span class=\"icon-wrapper circle-yes\"><i class=\"fusion-li-icon icon-ico-arrow\" aria-hidden=\"true\"><\/i><\/span><div class=\"fusion-li-item-content\">\n<p>Prijs: 110 \u20ac<\/p>\n<\/div><\/li><li class=\"fusion-li-item\" style=\"\"><span class=\"icon-wrapper circle-yes\"><i class=\"fusion-li-icon icon-ico-arrow\" aria-hidden=\"true\"><\/i><\/span><div class=\"fusion-li-item-content\">\n<p>Vluchtduur: minimaal 20 minuten<\/p>\n<\/div><\/li><li class=\"fusion-li-item\" style=\"\"><span class=\"icon-wrapper circle-yes\"><i class=\"fusion-li-icon icon-ico-arrow\" aria-hidden=\"true\"><\/i><\/span><div class=\"fusion-li-item-content\">\n<p>Thermische vlucht<\/p>\n<\/div><\/li><li class=\"fusion-li-item\" style=\"\"><span class=\"icon-wrapper circle-yes\"><i class=\"fusion-li-icon icon-ico-arrow\" aria-hidden=\"true\"><\/i><\/span><div class=\"fusion-li-item-content\">\n<p>Ideaal voor eerste vliegervaring<\/p>\n<\/div><\/li><li class=\"fusion-li-item\" style=\"\"><span class=\"icon-wrapper circle-yes\"><i class=\"fusion-li-icon icon-ico-arrow\" aria-hidden=\"true\"><\/i><\/span><div class=\"fusion-li-item-content\">\n<p>Start en landing in St Vincent-les-forts<\/p>\n<\/div><\/li><li class=\"fusion-li-item\" style=\"\"><span class=\"icon-wrapper circle-yes\"><i class=\"fusion-li-icon icon-ico-arrow\" aria-hidden=\"true\"><\/i><\/span><div class=\"fusion-li-item-content\">\n<p>Maximaal passagiersgewicht: 45 kg<\/p>\n<\/div><\/li><li class=\"fusion-li-item\" style=\"\"><span class=\"icon-wrapper circle-yes\"><i class=\"fusion-li-icon icon-ico-arrow\" aria-hidden=\"true\"><\/i><\/span><div class=\"fusion-li-item-content\">Deze vlucht vindt plaats in de middag van 13.00 uur tot 15.00 uur.<\/div><\/li><li class=\"fusion-li-item\" style=\"\"><span class=\"icon-wrapper circle-yes\"><i class=\"fusion-li-icon icon-ico-arrow\" aria-hidden=\"true\"><\/i><\/span><div class=\"fusion-li-item-content\">Zeitraum der Aktivit\u00e4t: von April bis 15. Oktober<\/div><\/li><\/ul><div style=\"text-align:center;\"><a class=\"fusion-button button-flat button-xlarge button-custom fusion-button-default button-2 fusion-button-default-span fusion-button-default-type fusion-animated fusion-has-button-gradient\" style=\"--button_accent_color:var(--awb-custom_color_2);--button_border_color:#004d77;--button_accent_hover_color:#ffffff;--button_border_hover_color:#ffffff;--button_border_width-top:0px;--button_border_width-right:0px;--button_border_width-bottom:0px;--button_border_width-left:0px;--button-border-radius-top-left:30px;--button-border-radius-top-right:30px;--button-border-radius-bottom-right:30px;--button-border-radius-bottom-left:30px;--button_gradient_top_color:var(--awb-custom_color_4);--button_gradient_bottom_color:var(--awb-custom_color_3);--button_gradient_top_color_hover:var(--awb-custom_color_1);--button_gradient_bottom_color_hover:var(--awb-custom_color_1);--button_margin-top:10%;--button_margin-bottom:5%;\" data-animationType=\"fadeIn\" data-animationDuration=\"1.0\" data-animationOffset=\"top-into-view\" target=\"_self\" href=\"https:\/\/booking.yoplanning.pro\/a9ecc987-3e0a-4f3c-bf3f-2f9d50620043\/product\/020c0387-8b3f-4d10-a8c4-f8fc7ad72049\"><i class=\"fa-plane-departure fas button-icon-left\" aria-hidden=\"true\"><\/i><span class=\"fusion-button-text\">diesen Flug buchen<\/span><\/a><\/div><\/div><\/div><div class=\"fusion-layout-column fusion_builder_column fusion-builder-column-7 fusion_builder_column_1_2 1_2 fusion-flex-column fusion-flex-align-self-center fusion-no-small-visibility\" style=\"--awb-bg-size:cover;--awb-width-large:50%;--awb-margin-top-large:50px;--awb-spacing-right-large:4.75%;--awb-spacing-left-large:4.75%;--awb-width-medium:50%;--awb-order-medium:0;--awb-margin-top-medium:0px;--awb-spacing-right-medium:4.75%;--awb-spacing-left-medium:4.75%;--awb-width-small:100%;--awb-order-small:0;--awb-spacing-right-small:2.375%;--awb-spacing-left-small:2.375%;\"><div class=\"fusion-column-wrapper fusion-column-has-shadow fusion-flex-justify-content-center fusion-content-layout-column\"><div class=\"fusion-image-element \" style=\"text-align:center;--awb-margin-bottom:50px;\"><span class=\" fusion-imageframe imageframe-none imageframe-2 hover-type-none\" style=\"border-radius:30px;\"><img decoding=\"async\" width=\"2560\" height=\"1920\" alt=\"vol tandem avec une jeune passag\u00e8re tout sourire.\" title=\"\u00e7a plane en parapente\" src=\"https:\/\/www.serre-poncon-parapente.fr\/wp-content\/uploads\/2022\/06\/G0011073_DxO-scaled.jpg\" class=\"img-responsive wp-image-5741\" srcset=\"https:\/\/www.serre-poncon-parapente.fr\/wp-content\/uploads\/2022\/06\/G0011073_DxO-200x150.jpg 200w, https:\/\/www.serre-poncon-parapente.fr\/wp-content\/uploads\/2022\/06\/G0011073_DxO-400x300.jpg 400w, https:\/\/www.serre-poncon-parapente.fr\/wp-content\/uploads\/2022\/06\/G0011073_DxO-600x450.jpg 600w, https:\/\/www.serre-poncon-parapente.fr\/wp-content\/uploads\/2022\/06\/G0011073_DxO-800x600.jpg 800w, https:\/\/www.serre-poncon-parapente.fr\/wp-content\/uploads\/2022\/06\/G0011073_DxO-1200x900.jpg 1200w, https:\/\/www.serre-poncon-parapente.fr\/wp-content\/uploads\/2022\/06\/G0011073_DxO-scaled.jpg 2560w\" sizes=\"(max-width: 640px) 100vw, 600px\" \/><\/span><\/div><\/div><\/div><div class=\"fusion-layout-column fusion_builder_column fusion-builder-column-8 fusion_builder_column_1_2 1_2 fusion-flex-column fusion-flex-align-self-center fusion-no-small-visibility\" style=\"--awb-bg-size:cover;--awb-width-large:50%;--awb-margin-top-large:50px;--awb-spacing-right-large:4.75%;--awb-spacing-left-large:4.75%;--awb-width-medium:50%;--awb-order-medium:0;--awb-margin-top-medium:0px;--awb-spacing-right-medium:4.75%;--awb-spacing-left-medium:4.75%;--awb-width-small:100%;--awb-order-small:0;--awb-spacing-right-small:2.375%;--awb-spacing-left-small:2.375%;\"><div class=\"fusion-column-wrapper fusion-column-has-shadow fusion-flex-justify-content-center fusion-content-layout-column\"><div class=\"fusion-image-element \" style=\"text-align:center;--awb-margin-bottom:50px;\"><span class=\" fusion-imageframe imageframe-none imageframe-3 hover-type-none\" style=\"border-radius:30px;\"><img decoding=\"async\" width=\"2560\" height=\"1920\" alt=\"vol en parapente biplace \u00e0 ubaye serre-pon\u00e7on\" title=\"montclar le lac 2021\" src=\"https:\/\/www.serre-poncon-parapente.fr\/wp-content\/uploads\/2023\/03\/montclar-le-lac-2021-scaled.jpg\" class=\"img-responsive wp-image-6653\" srcset=\"https:\/\/www.serre-poncon-parapente.fr\/wp-content\/uploads\/2023\/03\/montclar-le-lac-2021-200x150.jpg 200w, https:\/\/www.serre-poncon-parapente.fr\/wp-content\/uploads\/2023\/03\/montclar-le-lac-2021-400x300.jpg 400w, https:\/\/www.serre-poncon-parapente.fr\/wp-content\/uploads\/2023\/03\/montclar-le-lac-2021-600x450.jpg 600w, https:\/\/www.serre-poncon-parapente.fr\/wp-content\/uploads\/2023\/03\/montclar-le-lac-2021-800x600.jpg 800w, https:\/\/www.serre-poncon-parapente.fr\/wp-content\/uploads\/2023\/03\/montclar-le-lac-2021-1200x900.jpg 1200w, https:\/\/www.serre-poncon-parapente.fr\/wp-content\/uploads\/2023\/03\/montclar-le-lac-2021-scaled.jpg 2560w\" sizes=\"(max-width: 640px) 100vw, 600px\" \/><\/span><\/div><\/div><\/div><div class=\"fusion-layout-column fusion_builder_column fusion-builder-column-9 fusion_builder_column_1_2 1_2 fusion-flex-column fusion-flex-align-self-center\" style=\"--awb-padding-right-small:2%;--awb-padding-left-small:2%;--awb-bg-size:cover;--awb-width-large:50%;--awb-margin-top-large:75px;--awb-spacing-right-large:4.75%;--awb-margin-bottom-large:75px;--awb-spacing-left-large:4.75%;--awb-width-medium:50%;--awb-order-medium:0;--awb-margin-top-medium:50px;--awb-spacing-right-medium:4.75%;--awb-spacing-left-medium:4.75%;--awb-width-small:100%;--awb-order-small:0;--awb-spacing-right-small:2.375%;--awb-spacing-left-small:2.375%;\"><div class=\"fusion-column-wrapper fusion-column-has-shadow fusion-flex-justify-content-center fusion-content-layout-column\"><div class=\"fusion-title title fusion-title-5 fusion-sep-none fusion-title-text fusion-title-size-two\" style=\"--awb-text-color:var(--awb-custom_color_2);--awb-margin-top-small:4%;\"><h2 class=\"title-heading-left fusion-responsive-typography-calculated\" style=\"font-family:&quot;Strenuous&quot;;font-style:normal;font-weight:400;margin:0;--fontSize:35;line-height:1.2;text-shadow:0px;\"><span style=\"vertical-align: inherit;\"><span style=\"vertical-align: inherit;\">Vluchten naar Montclar-le-lac<\/span><\/span><\/h2><\/div><ul style=\"--awb-size:20px;--awb-line-height:34px;--awb-icon-width:34px;--awb-icon-height:34px;--awb-icon-margin:14px;--awb-content-margin:48px;--awb-circlecolor:rgba(204,203,116,0);--awb-circle-yes-font-size:17.6px;\" class=\"fusion-checklist fusion-checklist-3 fusion-checklist-default type-icons\"><li class=\"fusion-li-item\" style=\"\"><span class=\"icon-wrapper circle-yes\"><i class=\"fusion-li-icon icon-ico-arrow\" aria-hidden=\"true\"><\/i><\/span><div class=\"fusion-li-item-content\">\n<p>Prijs: 130 \u20ac<\/p>\n<\/div><\/li><li class=\"fusion-li-item\" style=\"\"><span class=\"icon-wrapper circle-yes\"><i class=\"fusion-li-icon icon-ico-arrow\" aria-hidden=\"true\"><\/i><\/span><div class=\"fusion-li-item-content\">Vliegtijd: ongeveer 20 minuten<\/div><\/li><li class=\"fusion-li-item\" style=\"\"><span class=\"icon-wrapper circle-yes\"><i class=\"fusion-li-icon icon-ico-arrow\" aria-hidden=\"true\"><\/i><\/span><div class=\"fusion-li-item-content\">\n<p>Deze vlucht vindt plaats in de ochtend van 10.00 uur tot 12.00 uur.<\/p>\n<\/div><\/li><li class=\"fusion-li-item\" style=\"\"><span class=\"icon-wrapper circle-yes\"><i class=\"fusion-li-icon icon-ico-arrow\" aria-hidden=\"true\"><\/i><\/span><div class=\"fusion-li-item-content\">Zweefvlucht, 1200m negatief hoogteverschil<\/div><\/li><li class=\"fusion-li-item\" style=\"\"><span class=\"icon-wrapper circle-yes\"><i class=\"fusion-li-icon icon-ico-arrow\" aria-hidden=\"true\"><\/i><\/span><div class=\"fusion-li-item-content\">\n<p>Vertrek: Montclar op 2000m<\/p>\n<\/div><\/li><li class=\"fusion-li-item\" style=\"\"><span class=\"icon-wrapper circle-yes\"><i class=\"fusion-li-icon icon-ico-arrow\" aria-hidden=\"true\"><\/i><\/span><div class=\"fusion-li-item-content\">\n<p>Landing: oevers van het meer<\/p>\n<\/div><\/li><li class=\"fusion-li-item\" style=\"\"><span class=\"icon-wrapper circle-yes\"><i class=\"fusion-li-icon icon-ico-arrow\" aria-hidden=\"true\"><\/i><\/span><div class=\"fusion-li-item-content\">\n<p>Maximaal passagiersgewicht: 80 kg<\/p>\n<\/div><\/li><li class=\"fusion-li-item\" style=\"\"><span class=\"icon-wrapper circle-yes\"><i class=\"fusion-li-icon icon-ico-arrow\" aria-hidden=\"true\"><\/i><\/span><div class=\"fusion-li-item-content\">Periode van activiteit: van mei tot september<\/div><\/li><li class=\"fusion-li-item\" style=\"\"><span class=\"icon-wrapper circle-yes\"><i class=\"fusion-li-icon icon-ico-arrow\" aria-hidden=\"true\"><\/i><\/span><div class=\"fusion-li-item-content\">\n<p>Ga naar Saint Jean-Montclar<\/p>\n<\/div><\/li><\/ul><div style=\"text-align:center;\"><a class=\"fusion-button button-flat button-xlarge button-custom fusion-button-default button-3 fusion-button-default-span fusion-button-default-type fusion-animated fusion-has-button-gradient\" style=\"--button_accent_color:var(--awb-custom_color_2);--button_border_color:#004d77;--button_accent_hover_color:#ffffff;--button_border_hover_color:#ffffff;--button_border_width-top:0px;--button_border_width-right:0px;--button_border_width-bottom:0px;--button_border_width-left:0px;--button-border-radius-top-left:30px;--button-border-radius-top-right:30px;--button-border-radius-bottom-right:30px;--button-border-radius-bottom-left:30px;--button_gradient_top_color:var(--awb-custom_color_4);--button_gradient_bottom_color:var(--awb-custom_color_3);--button_gradient_top_color_hover:var(--awb-custom_color_1);--button_gradient_bottom_color_hover:var(--awb-custom_color_1);--button_margin-top:10%;--button_margin-bottom:5%;\" data-animationType=\"fadeIn\" data-animationDuration=\"1.0\" data-animationOffset=\"top-into-view\" target=\"_self\" href=\"https:\/\/booking.yoplanning.pro\/a9ecc987-3e0a-4f3c-bf3f-2f9d50620043\/product\/ef033b5a-bdb6-45e9-9b0c-59ccb4a3d160\"><i class=\"fa-plane-departure fas button-icon-left\" aria-hidden=\"true\"><\/i><span class=\"fusion-button-text\">diesen Flug buchen<\/span><\/a><\/div><\/div><\/div><div class=\"fusion-layout-column fusion_builder_column fusion-builder-column-10 fusion_builder_column_1_1 1_1 fusion-flex-column\" style=\"--awb-bg-size:cover;--awb-width-large:100%;--awb-spacing-right-large:2.375%;--awb-margin-bottom-large:50px;--awb-spacing-left-large:2.375%;--awb-width-medium:100%;--awb-order-medium:0;--awb-spacing-right-medium:2.375%;--awb-spacing-left-medium:2.375%;--awb-width-small:100%;--awb-order-small:0;--awb-spacing-right-small:2.375%;--awb-spacing-left-small:2.375%;\"><div class=\"fusion-column-wrapper fusion-column-has-shadow fusion-flex-justify-content-flex-start fusion-content-layout-column\"><div class=\"fusion-text fusion-text-1\" style=\"--awb-margin-right:2%;--awb-margin-left:2%;--awb-text-font-family:&quot;Fira&quot;;--awb-text-font-style:normal;--awb-text-font-weight:400;\"><div class=\"description-container\" style=\"text-align: justify;\">\n<p><strong>Initiatievlucht voor kinderen.<\/strong> Ontdek onze paragliding-doop speciaal ontworpen voor kinderen van 3 tot 14 jaar oud. We kiezen geschikte aerologische omstandigheden voor het plezier van de jongsten. Na een soepele start verwonderen kinderen zich over het gevoel van vliegen als een vogel. Voor deze vlucht blijft onze piloot in de buurt van het dorp Saint Vincent-Les-Forts, zodat ouders kunnen genieten van een magisch moment terwijl ze hun kinderen over het landschap zien vliegen. We bieden twee landingsmogelijkheden: direct naast de startplaats als de omstandigheden het toelaten (95% van de gevallen), of aan de oevers van het meer waar een voertuig passagiers ophaalt. Kom en beleef een onvergetelijke familie-ervaring in de Zuidelijke Alpen<\/p>\n<p><strong>De panoramische kindervlucht<\/strong> is bedoeld voor alle jonge avonturiers die het paragliden in zijn mooiste dimensie willen ontdekken: thermisch vliegen. Tijdens deze eerste vlucht zal de piloot boven het dorp Saint Vincent les Forts evolueren en elke luchtbeweging analyseren om de verschillende soorten lift te benutten. De laatste, wanneer Moeder Natuur genereus is, stelt ons in staat om hoogte te winnen en onze reikwijdte van evolutie te vergroten. Moving above the Serre-Pon\u00e7on lake, with its turquoise and green reflections, an exceptional view is offered to us of the Hautes Alpes and Haute Provence. Gedomineerd door de majestueuze bergen van Dormillouse en Grand Morgon, wacht ons een landschap van zeldzame schoonheid.<\/p>\n<p><strong>Het meer van Flight Montclar-le-lac<\/strong>, is een werkelijk betoverende reis, die een verscheidenheid aan weelderige landschappen biedt, vari\u00ebrend van bergketens zover het oog reikt tot het majestueuze meer. Deze ervaring is een waar genot voor liefhebbers van prachtige landschappen en duurt ongeveer 20 minuten.<\/p>\n<p>Deze ochtendvlucht begint op een hoogte van 2000 meter, na een stoeltjeslift naar de hoogten van de Blanche-vallei. Het brengt je eerst naar Saint-Vincent-les-Forts, een hooggelegen dorp dat de ingang van de Ubaye-vallei bewaakt en over een prachtig lariksbos vliegt. Daarna kunt u genieten van een adembenemend uitzicht op de turquoise wateren van het meer van Serre-Pon\u00e7on voordat u landt op de oevers van het meer, 1200 meter stroomafwaarts vanaf het startpunt. Een chauffeur brengt u vervolgens terug naar uw voertuig.<\/p>\n<p>Deze paraglidingvlucht biedt een unieke ervaring om de landschappen van de regio op een andere en onvergetelijke manier te ontdekken.<\/p>\n<\/div>\n<div class=\"description-container\"><\/div>\n<\/div><\/div><\/div><\/div><\/div><div class=\"fusion-fullwidth fullwidth-box fusion-builder-row-3 fusion-flex-container container-radius-2 container-radius hundred-percent-fullwidth non-hundred-percent-height-scrolling\" style=\"--awb-border-radius-top-left:0px;--awb-border-radius-top-right:0px;--awb-border-radius-bottom-right:0px;--awb-border-radius-bottom-left:0px;--awb-padding-top:3%;--awb-padding-right:15%;--awb-padding-bottom:48px;--awb-padding-left:15%;--awb-padding-top-small:5%;--awb-background-color:var(--awb-custom_color_3);\" ><div class=\"fusion-builder-row fusion-row fusion-flex-align-items-center\" style=\"width:105% !important;max-width:105% !important;margin-left: calc(-5% \/ 2 );margin-right: calc(-5% \/ 2 );\"><div class=\"fusion-layout-column fusion_builder_column fusion-builder-column-11 fusion_builder_column_1_1 1_1 fusion-flex-column\" style=\"--awb-padding-top-small:4%;--awb-padding-left-small:2%;--awb-bg-size:cover;--awb-width-large:100%;--awb-spacing-right-large:2.375%;--awb-spacing-left-large:2.375%;--awb-width-medium:100%;--awb-order-medium:0;--awb-spacing-right-medium:2.375%;--awb-spacing-left-medium:2.375%;--awb-width-small:100%;--awb-order-small:0;--awb-spacing-right-small:2.375%;--awb-spacing-left-small:2.375%;\"><div class=\"fusion-column-wrapper fusion-column-has-shadow fusion-flex-justify-content-flex-start fusion-content-layout-column\"><\/div><\/div><div class=\"fusion-layout-column fusion_builder_column fusion-builder-column-12 fusion_builder_column_1_2 1_2 fusion-flex-column fusion-flex-align-self-flex-start\" style=\"--awb-padding-right-small:2%;--awb-padding-left-small:2%;--awb-bg-size:cover;--awb-width-large:50%;--awb-margin-top-large:20px;--awb-spacing-right-large:4.75%;--awb-margin-bottom-large:20px;--awb-spacing-left-large:4.75%;--awb-width-medium:50%;--awb-order-medium:0;--awb-spacing-right-medium:4.75%;--awb-spacing-left-medium:4.75%;--awb-width-small:100%;--awb-order-small:0;--awb-spacing-right-small:2.375%;--awb-spacing-left-small:2.375%;\"><div class=\"fusion-column-wrapper fusion-column-has-shadow fusion-flex-justify-content-flex-start fusion-content-layout-column\"><div class=\"fusion-title title fusion-title-6 fusion-sep-none fusion-title-text fusion-title-size-two\" style=\"--awb-text-color:var(--awb-custom_color_2);\"><h2 class=\"title-heading-left fusion-responsive-typography-calculated\" style=\"font-family:&quot;Strenuous&quot;;font-style:normal;font-weight:400;margin:0;--fontSize:35;line-height:1.2;text-shadow:0px;\"><span style=\"vertical-align: inherit;\"><span style=\"vertical-align: inherit;\">Hoe te kleden ?<\/span><\/span><\/h2><\/div><ul style=\"--awb-size:20px;--awb-line-height:34px;--awb-icon-width:34px;--awb-icon-height:34px;--awb-icon-margin:14px;--awb-content-margin:48px;--awb-circlecolor:rgba(204,203,116,0);--awb-circle-yes-font-size:17.6px;\" class=\"fusion-checklist fusion-checklist-4 fusion-checklist-default type-icons\"><li class=\"fusion-li-item\" style=\"\"><span class=\"icon-wrapper circle-yes\"><i class=\"fusion-li-icon icon-ico-arrow\" aria-hidden=\"true\"><\/i><\/span><div class=\"fusion-li-item-content\">\n<p>Broek of korte broek afhankelijk van de temperatuur<\/p>\n<\/div><\/li><li class=\"fusion-li-item\" style=\"\"><span class=\"icon-wrapper circle-yes\"><i class=\"fusion-li-icon icon-ico-arrow\" aria-hidden=\"true\"><\/i><\/span><div class=\"fusion-li-item-content\">\n<p>T-shirt met lange mouwen of fleece, afhankelijk van de temperatuur<\/p>\n<\/div><\/li><li class=\"fusion-li-item\" style=\"\"><span class=\"icon-wrapper circle-yes\"><i class=\"fusion-li-icon icon-ico-arrow\" aria-hidden=\"true\"><\/i><\/span><div class=\"fusion-li-item-content\">\n<p>Zonnebril<\/p>\n<\/div><\/li><li class=\"fusion-li-item\" style=\"\"><span class=\"icon-wrapper circle-yes\"><i class=\"fusion-li-icon icon-ico-arrow\" aria-hidden=\"true\"><\/i><\/span><div class=\"fusion-li-item-content\">\n<p>Sportschoenen<\/p>\n<\/div><\/li><\/ul><\/div><\/div><div class=\"fusion-layout-column fusion_builder_column fusion-builder-column-13 fusion_builder_column_1_2 1_2 fusion-flex-column fusion-flex-align-self-flex-start\" style=\"--awb-padding-right-small:2%;--awb-padding-left-small:2%;--awb-bg-size:cover;--awb-width-large:50%;--awb-margin-top-large:20px;--awb-spacing-right-large:4.75%;--awb-margin-bottom-large:20px;--awb-spacing-left-large:4.75%;--awb-width-medium:50%;--awb-order-medium:0;--awb-spacing-right-medium:4.75%;--awb-spacing-left-medium:4.75%;--awb-width-small:100%;--awb-order-small:0;--awb-margin-top-small:4%;--awb-spacing-right-small:2.375%;--awb-spacing-left-small:2.375%;\"><div class=\"fusion-column-wrapper fusion-column-has-shadow fusion-flex-justify-content-flex-start fusion-content-layout-column\"><div class=\"fusion-title title fusion-title-7 fusion-sep-none fusion-title-text fusion-title-size-two\" style=\"--awb-text-color:var(--awb-custom_color_2);\"><h2 class=\"title-heading-left fusion-responsive-typography-calculated\" style=\"font-family:&quot;Strenuous&quot;;font-style:normal;font-weight:400;margin:0;--fontSize:35;line-height:1.2;text-shadow:0px;\"><span style=\"vertical-align: inherit;\"><span style=\"vertical-align: inherit;\">Afspraak<\/span><\/span><\/h2><\/div><ul style=\"--awb-size:20px;--awb-line-height:34px;--awb-icon-width:34px;--awb-icon-height:34px;--awb-icon-margin:14px;--awb-content-margin:48px;--awb-circlecolor:rgba(204,203,116,0);--awb-circle-yes-font-size:17.6px;\" class=\"fusion-checklist fusion-checklist-5 fusion-checklist-default type-icons\"><li class=\"fusion-li-item\" style=\"\"><span class=\"icon-wrapper circle-yes\"><i class=\"fusion-li-icon icon-ico-arrow\" aria-hidden=\"true\"><\/i><\/span><div class=\"fusion-li-item-content\">\n<p>Saint Vincent-les-forts Einf\u00fchrungs-, Panorama-, Spaziergangs- und Prestigefl\u00fcge. Saint Jean Montclar f\u00fcr den Flug Montclar-le-lac.<\/p>\n<\/div><\/li><li class=\"fusion-li-item\" style=\"\"><span class=\"icon-wrapper circle-yes\"><i class=\"fusion-li-icon icon-ico-arrow\" aria-hidden=\"true\"><\/i><\/span><div class=\"fusion-li-item-content\">\n<p>Ons receptiechalet ligt op 50 m van de hoofdparking bij de ingang van het dorp Saint Vincent-les-forts.<\/p>\n<\/div><\/li><\/ul><\/div><\/div><\/div><\/div><div class=\"fusion-fullwidth fullwidth-box fusion-builder-row-4 fusion-flex-container has-pattern-background has-mask-background nonhundred-percent-fullwidth non-hundred-percent-height-scrolling\" style=\"--awb-border-radius-top-left:0px;--awb-border-radius-top-right:0px;--awb-border-radius-bottom-right:0px;--awb-border-radius-bottom-left:0px;--awb-background-color:#ffffff;\" ><div class=\"fusion-builder-row fusion-row fusion-flex-align-items-center\" style=\"max-width:1228.5px;margin-left: calc(-5% \/ 2 );margin-right: calc(-5% \/ 2 );\"><div class=\"fusion-layout-column fusion_builder_column fusion-builder-column-14 fusion_builder_column_1_1 1_1 fusion-flex-column\" style=\"--awb-bg-size:cover;--awb-width-large:100%;--awb-margin-top-large:50px;--awb-spacing-right-large:2.375%;--awb-spacing-left-large:2.375%;--awb-width-medium:100%;--awb-order-medium:0;--awb-spacing-right-medium:2.375%;--awb-spacing-left-medium:2.375%;--awb-width-small:100%;--awb-order-small:0;--awb-spacing-right-small:2.375%;--awb-spacing-left-small:2.375%;\"><div class=\"fusion-column-wrapper fusion-column-has-shadow fusion-flex-justify-content-flex-start fusion-content-layout-column\"><div class=\"fusion-title title fusion-title-8 fusion-sep-none fusion-title-text fusion-title-size-four\" style=\"--awb-text-color:var(--awb-custom_color_2);--awb-margin-bottom:30px;--awb-font-size:40px;\"><h4 class=\"title-heading-left fusion-responsive-typography-calculated\" style=\"font-family:&quot;Strenuous&quot;;font-style:normal;font-weight:400;margin:0;font-size:1em;--fontSize:40;line-height:1.36;text-shadow:0px;\"><h3 style=\"text-align: center;\"><span style=\"color: var(--awb-text-color); letter-spacing: var(--h4_typography-letter-spacing); text-transform: var(--h4_typography-text-transform); background-color: var(--awb-bg-color);\">3 Flugoptionen, um Ihr Erlebnis zu personalisieren.<\/span><\/h3><\/h4><\/div><\/div><\/div><\/div><\/div><div class=\"fusion-fullwidth fullwidth-box fusion-builder-row-5 fusion-flex-container has-pattern-background has-mask-background nonhundred-percent-fullwidth non-hundred-percent-height-scrolling\" style=\"--awb-border-radius-top-left:0px;--awb-border-radius-top-right:0px;--awb-border-radius-bottom-right:0px;--awb-border-radius-bottom-left:0px;--awb-padding-top:0px;--awb-margin-top:0px;--awb-background-color:#ffffff;\" ><div class=\"fusion-builder-row fusion-row fusion-flex-align-items-flex-start\" style=\"max-width:1228.5px;margin-left: calc(-5% \/ 2 );margin-right: calc(-5% \/ 2 );\"><div class=\"fusion-layout-column fusion_builder_column fusion-builder-column-15 fusion_builder_column_1_3 1_3 fusion-flex-column fusion-flex-align-self-flex-start\" style=\"--awb-padding-right-small:2%;--awb-padding-left-small:2%;--awb-bg-size:cover;--awb-width-large:33.333333333333%;--awb-margin-top-large:25px;--awb-spacing-right-large:7.125%;--awb-margin-bottom-large:75px;--awb-spacing-left-large:7.125%;--awb-width-medium:100%;--awb-order-medium:0;--awb-margin-top-medium:0;--awb-spacing-right-medium:2.375%;--awb-margin-bottom-medium:0;--awb-spacing-left-medium:2.375%;--awb-width-small:100%;--awb-order-small:0;--awb-spacing-right-small:2.375%;--awb-spacing-left-small:2.375%;\"><div class=\"fusion-column-wrapper fusion-column-has-shadow fusion-flex-justify-content-center fusion-content-layout-column\"><div class=\"fusion-title title fusion-title-9 fusion-sep-none fusion-title-text fusion-title-size-two\" style=\"--awb-text-color:var(--awb-custom_color_2);--awb-margin-top-small:4%;\"><h2 class=\"title-heading-left fusion-responsive-typography-calculated\" style=\"font-family:&quot;Strenuous&quot;;font-style:normal;font-weight:400;margin:0;--fontSize:35;line-height:1.2;text-shadow:0px;\"><span style=\"vertical-align: inherit;\"><span style=\"vertical-align: inherit;\">Foto\/videoverslag<\/span><\/span><\/h2><\/div><ul style=\"--awb-size:20px;--awb-line-height:34px;--awb-icon-width:34px;--awb-icon-height:34px;--awb-icon-margin:14px;--awb-content-margin:48px;--awb-circlecolor:rgba(204,203,116,0);--awb-circle-yes-font-size:17.6px;\" class=\"fusion-checklist fusion-checklist-6 fusion-checklist-default type-icons\"><li class=\"fusion-li-item\" style=\"\"><span class=\"icon-wrapper circle-yes\"><i class=\"fusion-li-icon icon-ico-arrow\" aria-hidden=\"true\"><\/i><\/span><div class=\"fusion-li-item-content\">\n<p>Vereeuwig uw ervaring, uw piloot maakt een verslag van twintig foto\u2019s en een of twee video\u2019s van uw vlucht. Direct na de vlucht beschikbaar op SD-kaart.<\/p>\n<p><strong>Prijs: 25 \u20ac<\/strong><\/p>\n<\/div><\/li><\/ul><\/div><\/div><div class=\"fusion-layout-column fusion_builder_column fusion-builder-column-16 fusion_builder_column_1_3 1_3 fusion-flex-column fusion-flex-align-self-flex-start\" style=\"--awb-padding-right-small:2%;--awb-padding-left-small:2%;--awb-bg-size:cover;--awb-width-large:33.333333333333%;--awb-margin-top-large:25px;--awb-spacing-right-large:7.125%;--awb-margin-bottom-large:75px;--awb-spacing-left-large:7.125%;--awb-width-medium:100%;--awb-order-medium:0;--awb-margin-top-medium:50px;--awb-spacing-right-medium:2.375%;--awb-margin-bottom-medium:0;--awb-spacing-left-medium:2.375%;--awb-width-small:100%;--awb-order-small:0;--awb-spacing-right-small:2.375%;--awb-spacing-left-small:2.375%;\"><div class=\"fusion-column-wrapper fusion-column-has-shadow fusion-flex-justify-content-center fusion-content-layout-column\"><div class=\"fusion-title title fusion-title-10 fusion-sep-none fusion-title-text fusion-title-size-two\" style=\"--awb-text-color:var(--awb-custom_color_2);--awb-margin-top-small:4%;\"><h2 class=\"title-heading-left fusion-responsive-typography-calculated\" style=\"font-family:&quot;Strenuous&quot;;font-style:normal;font-weight:400;margin:0;--fontSize:35;line-height:1.2;text-shadow:0px;\"><span style=\"vertical-align: inherit;\"><span style=\"vertical-align: inherit;\">Sturen<\/span><\/span><\/h2><\/div><ul style=\"--awb-size:20px;--awb-line-height:34px;--awb-icon-width:34px;--awb-icon-height:34px;--awb-icon-margin:14px;--awb-content-margin:48px;--awb-circlecolor:rgba(204,203,116,0);--awb-circle-yes-font-size:17.6px;\" class=\"fusion-checklist fusion-checklist-7 fusion-checklist-default type-icons\"><li class=\"fusion-li-item\" style=\"\"><span class=\"icon-wrapper circle-yes\"><i class=\"fusion-li-icon icon-ico-arrow\" aria-hidden=\"true\"><\/i><\/span><div class=\"fusion-li-item-content\">\n<p>Word een acteur van je vlucht! Je instructeur begeleidt je bij het overnemen van de paraglider, en gedurende een paar minuten neem jij de controle over! Tijdens deze fase legt je instructeur het hoe en waarom van paragliden uit.<b> <\/b><\/p>\n<p><b>Prijs: 15 \u20ac<\/b><\/p>\n<\/div><\/li><\/ul><\/div><\/div><div class=\"fusion-layout-column fusion_builder_column fusion-builder-column-17 fusion_builder_column_1_3 1_3 fusion-flex-column fusion-flex-align-self-flex-start\" style=\"--awb-padding-right-small:2%;--awb-padding-left-small:2%;--awb-bg-size:cover;--awb-width-large:33.333333333333%;--awb-margin-top-large:25px;--awb-spacing-right-large:7.125%;--awb-margin-bottom-large:75px;--awb-spacing-left-large:7.125%;--awb-width-medium:100%;--awb-order-medium:0;--awb-margin-top-medium:50px;--awb-spacing-right-medium:2.375%;--awb-spacing-left-medium:2.375%;--awb-width-small:100%;--awb-order-small:0;--awb-spacing-right-small:2.375%;--awb-spacing-left-small:2.375%;\"><div class=\"fusion-column-wrapper fusion-column-has-shadow fusion-flex-justify-content-center fusion-content-layout-column\"><div class=\"fusion-title title fusion-title-11 fusion-sep-none fusion-title-text fusion-title-size-two\" style=\"--awb-text-color:var(--awb-custom_color_2);--awb-margin-top-small:4%;\"><h2 class=\"title-heading-left fusion-responsive-typography-calculated\" style=\"font-family:&quot;Strenuous&quot;;font-style:normal;font-weight:400;margin:0;--fontSize:35;line-height:1.2;text-shadow:0px;\"><span style=\"vertical-align: inherit;\"><span style=\"vertical-align: inherit;\">kunstvluchten<\/span><\/span><\/h2><\/div><ul style=\"--awb-size:20px;--awb-line-height:34px;--awb-icon-width:34px;--awb-icon-height:34px;--awb-icon-margin:14px;--awb-content-margin:48px;--awb-circlecolor:rgba(204,203,116,0);--awb-circle-yes-font-size:17.6px;\" class=\"fusion-checklist fusion-checklist-8 fusion-checklist-default type-icons\"><li class=\"fusion-li-item\" style=\"\"><span class=\"icon-wrapper circle-yes\"><i class=\"fusion-li-icon icon-ico-arrow\" aria-hidden=\"true\"><\/i><\/span><div class=\"fusion-li-item-content\">\n<p>Laat je adrenalinemeter exploderen! De paraglider kan een zeer krachtige gevoelsmachine worden. Uw instructeur begeleidt u bij deze zoektocht naar sensaties door u twee acrobatische \u00ab\u00a0runs\u00a0\u00bb aan te bieden die zijn aangepast aan uw wensen.<\/p>\n<p><strong>Prijs: 25 \u20ac<\/strong><\/p>\n<\/div><\/li><\/ul><\/div><\/div><div class=\"fusion-layout-column fusion_builder_column fusion-builder-column-18 fusion_builder_column_1_1 1_1 fusion-flex-column\" style=\"--awb-bg-size:cover;--awb-width-large:100%;--awb-spacing-right-large:2.375%;--awb-spacing-left-large:2.375%;--awb-width-medium:100%;--awb-order-medium:0;--awb-spacing-right-medium:2.375%;--awb-spacing-left-medium:2.375%;--awb-width-small:100%;--awb-order-small:0;--awb-spacing-right-small:2.375%;--awb-spacing-left-small:2.375%;\"><div class=\"fusion-column-wrapper fusion-column-has-shadow fusion-flex-justify-content-flex-start fusion-content-layout-column\"><div class=\"fusion-title title fusion-title-12 fusion-sep-none fusion-title-text fusion-title-size-two\" style=\"--awb-text-color:var(--awb-custom_color_2);--awb-margin-top-small:4%;\"><h2 class=\"title-heading-left fusion-responsive-typography-calculated\" style=\"font-family:&quot;Strenuous&quot;;font-style:normal;font-weight:400;margin:0;--fontSize:35;line-height:1.2;text-shadow:0px;\"><span style=\"vertical-align: inherit;\"><span style=\"vertical-align: inherit;\">Beschikbaar voor alle vluchten, ter plaatse te boeken.<\/span><\/span><\/h2><\/div><ul style=\"--awb-size:20px;--awb-line-height:34px;--awb-icon-width:34px;--awb-icon-height:34px;--awb-icon-margin:14px;--awb-content-margin:48px;--awb-circlecolor:rgba(204,203,116,0);--awb-circle-yes-font-size:17.6px;\" class=\"fusion-checklist fusion-checklist-9 fusion-checklist-default type-icons\"><li class=\"fusion-li-item\" style=\"\"><span class=\"icon-wrapper circle-yes\"><i class=\"fusion-li-icon icon-ico-arrow\" aria-hidden=\"true\"><\/i><\/span><div class=\"fusion-li-item-content\">\n<p>*De diensten van paraglidingvluchten en fotoreportages worden op de markt gebracht door: \u00ab\u00a0les Ailes du Lac\u00a0\u00bb namens onafhankelijke instructeurs die lid zijn van de lokale unie van paraglidinginstructeurs in Ubaye Serre-Pon\u00e7on.<\/p>\n<\/div><\/li><\/ul><\/div><\/div><\/div><\/div>\n<\/p>\n","protected":false},"excerpt":{"rendered":"","protected":false},"author":1,"featured_media":0,"parent":0,"menu_order":0,"comment_status":"closed","ping_status":"closed","template":"100-width.php","meta":{"footnotes":""},"class_list":["post-5936","page","type-page","status-publish","hentry"],"_links":{"self":[{"href":"https:\/\/www.serre-poncon-parapente.fr\/de\/wp-json\/wp\/v2\/pages\/5936","targetHints":{"allow":["GET"]}}],"collection":[{"href":"https:\/\/www.serre-poncon-parapente.fr\/de\/wp-json\/wp\/v2\/pages"}],"about":[{"href":"https:\/\/www.serre-poncon-parapente.fr\/de\/wp-json\/wp\/v2\/types\/page"}],"author":[{"embeddable":true,"href":"https:\/\/www.serre-poncon-parapente.fr\/de\/wp-json\/wp\/v2\/users\/1"}],"replies":[{"embeddable":true,"href":"https:\/\/www.serre-poncon-parapente.fr\/de\/wp-json\/wp\/v2\/comments?post=5936"}],"version-history":[{"count":13,"href":"https:\/\/www.serre-poncon-parapente.fr\/de\/wp-json\/wp\/v2\/pages\/5936\/revisions"}],"predecessor-version":[{"id":7001,"href":"https:\/\/www.serre-poncon-parapente.fr\/de\/wp-json\/wp\/v2\/pages\/5936\/revisions\/7001"}],"wp:attachment":[{"href":"https:\/\/www.serre-poncon-parapente.fr\/de\/wp-json\/wp\/v2\/media?parent=5936"}],"curies":[{"name":"wp","href":"https:\/\/api.w.org\/{rel}","templated":true}]}}