{"id":5966,"date":"2021-04-07T03:50:58","date_gmt":"2021-04-07T01:50:58","guid":{"rendered":"https:\/\/www.serre-poncon-parapente.fr\/ga-met-ons-mee-paragliden\/"},"modified":"2023-04-21T16:24:49","modified_gmt":"2023-04-21T14:24:49","slug":"ga-met-ons-mee-paragliden","status":"publish","type":"page","link":"https:\/\/www.serre-poncon-parapente.fr\/de\/ga-met-ons-mee-paragliden\/","title":{"rendered":"Ga met ons mee paragliden"},"content":{"rendered":"<p><div class=\"fusion-fullwidth fullwidth-box fusion-builder-row-1 fusion-flex-container fusion-parallax-none nonhundred-percent-fullwidth non-hundred-percent-height-scrolling\" style=\"--awb-background-blend-mode:overlay;--awb-border-radius-top-left:0px;--awb-border-radius-top-right:0px;--awb-border-radius-bottom-right:0px;--awb-border-radius-bottom-left:0px;--awb-padding-top:-4%;--awb-padding-right:8%;--awb-padding-bottom:;--awb-padding-left:8%;--awb-margin-top:-2%;--awb-margin-bottom:0px;--awb-min-height:60vh;--awb-background-color:rgba(0,0,0,0.28);--awb-background-image:url(&quot;https:\/\/www.serre-poncon-parapente.fr\/wp-content\/uploads\/2022\/05\/slide_0003_G0011044.jpg&quot;);--awb-background-size:cover;\" ><div class=\"fusion-builder-row fusion-row fusion-flex-align-items-flex-start fusion-flex-align-content-center\" style=\"max-width:1228.5px;margin-left: calc(-5% \/ 2 );margin-right: calc(-5% \/ 2 );\"><div class=\"fusion-layout-column fusion_builder_column fusion-builder-column-0 fusion_builder_column_1_1 1_1 fusion-flex-column fusion-flex-align-self-flex-start\" style=\"--awb-padding-top:10%;--awb-bg-size:cover;--awb-width-large:100%;--awb-spacing-right-large:2.375%;--awb-spacing-left-large:2.375%;--awb-width-medium:100%;--awb-order-medium:0;--awb-spacing-right-medium:2.375%;--awb-spacing-left-medium:2.375%;--awb-width-small:100%;--awb-order-small:0;--awb-spacing-right-small:2.375%;--awb-spacing-left-small:2.375%;\"><div class=\"fusion-column-wrapper fusion-column-has-shadow fusion-flex-justify-content-flex-end fusion-content-layout-column\"><div class=\"fusion-title title fusion-title-1 fusion-sep-none fusion-title-center fusion-title-text fusion-title-size-one\" style=\"--awb-text-color:var(--awb-custom_color_1);--awb-margin-top:2%;--awb-font-size:48px;\"><h1 class=\"title-heading-center fusion-responsive-typography-calculated\" style=\"font-family:&quot;Strenuous&quot;;font-style:normal;font-weight:400;margin:0;font-size:1em;text-transform:none;--fontSize:48;line-height:1.16;\"><p>Ga met ons mee om een \u200b\u200bparaglider te besturen<\/p>\n<div class=\"title-sep-container title-sep-container-right\"> <\/div><\/h1><\/div><\/div><\/div><div class=\"fusion-layout-column fusion_builder_column fusion-builder-column-1 fusion_builder_column_1_1 1_1 fusion-flex-column\" style=\"--awb-bg-size:cover;--awb-width-large:100%;--awb-spacing-right-large:2.375%;--awb-spacing-left-large:2.375%;--awb-width-medium:100%;--awb-order-medium:0;--awb-spacing-right-medium:2.375%;--awb-spacing-left-medium:2.375%;--awb-width-small:100%;--awb-order-small:0;--awb-spacing-right-small:2.375%;--awb-spacing-left-small:2.375%;\"><div class=\"fusion-column-wrapper fusion-column-has-shadow fusion-flex-justify-content-flex-start fusion-content-layout-column\"><div class=\"fusion-separator fusion-full-width-sep\" style=\"align-self: center;margin-left: auto;margin-right: auto;flex-grow:10;width:100%;\"><\/div><\/div><\/div><\/div><\/div><div class=\"fusion-fullwidth fullwidth-box fusion-builder-row-2 fusion-flex-container nonhundred-percent-fullwidth non-hundred-percent-height-scrolling\" style=\"--awb-border-radius-top-left:0px;--awb-border-radius-top-right:0px;--awb-border-radius-bottom-right:0px;--awb-border-radius-bottom-left:0px;--awb-padding-top:35px;--awb-padding-right-small:5%;--awb-padding-left-small:5%;--awb-background-color:var(--awb-color1);\" ><div class=\"fusion-builder-row fusion-row fusion-flex-align-items-flex-start\" style=\"max-width:1228.5px;margin-left: calc(-5% \/ 2 );margin-right: calc(-5% \/ 2 );\"><div class=\"fusion-layout-column fusion_builder_column fusion-builder-column-2 fusion_builder_column_1_1 1_1 fusion-flex-column\" style=\"--awb-bg-size:cover;--awb-width-large:100%;--awb-spacing-right-large:2.375%;--awb-spacing-left-large:2.375%;--awb-width-medium:100%;--awb-order-medium:0;--awb-spacing-right-medium:2.375%;--awb-spacing-left-medium:2.375%;--awb-width-small:100%;--awb-order-small:0;--awb-spacing-right-small:2.375%;--awb-spacing-left-small:2.375%;\"><div class=\"fusion-column-wrapper fusion-column-has-shadow fusion-flex-justify-content-flex-start fusion-content-layout-column\"><div class=\"fusion-text fusion-text-1\"><p style=\"text-align: center;\">Saint Vincent les Forts ligt op een kruispunt in de Zuidelijke Alpen, op gelijke afstand van de steden Gap, Embrun, Digne-les-Bains en Barcelonnette. Het duurt ongeveer 45 minuten met de auto om ons vanaf deze locaties te bereiken. Op grotere schaal zijn we ongeveer 2,5 uur met het vervoer verwijderd van de steden Marseille, Aix en Provence, Grenoble of Toulon.<\/p>\n<\/div><\/div><\/div><\/div><\/div><div class=\"fusion-fullwidth fullwidth-box fusion-builder-row-3 fusion-flex-container nonhundred-percent-fullwidth non-hundred-percent-height-scrolling\" style=\"--awb-border-radius-top-left:0px;--awb-border-radius-top-right:0px;--awb-border-radius-bottom-right:0px;--awb-border-radius-bottom-left:0px;--awb-padding-right-small:5%;--awb-padding-left-small:5%;--awb-margin-top:31px;--awb-margin-bottom:50px;--awb-background-color:var(--awb-color1);\" ><div class=\"fusion-builder-row fusion-row fusion-flex-align-items-flex-start\" style=\"max-width:1228.5px;margin-left: calc(-5% \/ 2 );margin-right: calc(-5% \/ 2 );\"><div class=\"fusion-layout-column fusion_builder_column fusion-builder-column-3 fusion_builder_column_2_3 2_3 fusion-flex-column\" style=\"--awb-overflow:hidden;--awb-bg-size:cover;--awb-border-radius:0px 0px 0px 50px;--awb-width-large:66.666666666667%;--awb-spacing-right-large:3.5625%;--awb-spacing-left-large:3.5625%;--awb-width-medium:66.666666666667%;--awb-order-medium:0;--awb-spacing-right-medium:3.5625%;--awb-spacing-left-medium:3.5625%;--awb-width-small:100%;--awb-order-small:2;--awb-spacing-right-small:2.375%;--awb-spacing-left-small:2.375%;\"><div class=\"fusion-column-wrapper fusion-column-has-shadow fusion-flex-justify-content-flex-start fusion-content-layout-column\"><div class=\"fusion-title title fusion-title-2 fusion-sep-none fusion-title-text fusion-title-size-two\" style=\"--awb-text-color:var(--awb-custom_color_2);--awb-font-size:33px;\"><h2 class=\"title-heading-left fusion-responsive-typography-calculated\" style=\"font-family:&quot;Strenuous&quot;;font-style:normal;font-weight:400;margin:0;font-size:1em;--fontSize:33;line-height:1.52;\"><p style=\"text-align: left;\">Vluchten vanaf Saint Vincent-l\u00e8s-Forts<\/p><\/h2><\/div><div class=\"fusion-title title fusion-title-3 fusion-title-text fusion-title-size-three\" style=\"--awb-text-color:var(--awb-custom_color_1);\"><div class=\"title-sep-container title-sep-container-left fusion-no-large-visibility fusion-no-medium-visibility fusion-no-small-visibility\"><div class=\"title-sep sep-double sep-solid\" style=\"border-color:#e2e2e2;\"><\/div><\/div><span class=\"awb-title-spacer fusion-no-large-visibility fusion-no-medium-visibility fusion-no-small-visibility\"><\/span><h3 class=\"title-heading-left fusion-responsive-typography-calculated\" style=\"font-family:&quot;Strenuous&quot;;font-style:normal;font-weight:400;margin:0;--fontSize:30;--minFontSize:30;line-height:1.3;\"><p style=\"text-align: left;\">Initiatievlucht, Panoramavlucht, Kindervlucht, Tourvlucht en Prestigevlucht.<\/p><\/h3><span class=\"awb-title-spacer\"><\/span><div class=\"title-sep-container title-sep-container-right\"><div class=\"title-sep sep-double sep-solid\" style=\"border-color:#e2e2e2;\"><\/div><\/div><\/div><div class=\"fusion-text fusion-text-2\"><p style=\"text-align: justify;\"><span style=\"vertical-align: inherit;\"><span style=\"vertical-align: inherit; font-size: 19px;\" data-fusion-font=\"true\">De afspraak is direct in het dorp. Op de kruising van Saint Vincent-les-Forts volgt u de borden: free flight area. Parkeer op de parkeerplaats van de gratis vluchtsite, u bevindt zich op 50 meter van uw vlucht &#8230; U vindt onze receptiehut in de buurt, zodra de formaliteiten zijn vervuld, kunt u ontspannen, onze buitenlounge staat voor u klaar. Kijk hoe paragliders door de lucht dansen. Je instructeur komt rechtstreeks naar je toe voor de presentaties.<\/span><\/span><\/p>\n<\/div><div class=\"fusion-image-element \" style=\"text-align:center;--awb-filter:saturate(140%);--awb-filter-transition:filter 0.3s ease;--awb-filter-hover:saturate(140%);\"><span class=\" fusion-imageframe imageframe-none imageframe-1 hover-type-none\"><img decoding=\"async\" width=\"2560\" height=\"1707\" title=\"saint Vincent-les-forts\" src=\"https:\/\/www.serre-poncon-parapente.fr\/wp-content\/uploads\/2021\/04\/DSCF9239-1-scaled.jpg\" alt class=\"img-responsive wp-image-5467\" srcset=\"https:\/\/www.serre-poncon-parapente.fr\/wp-content\/uploads\/2021\/04\/DSCF9239-1-200x133.jpg 200w, https:\/\/www.serre-poncon-parapente.fr\/wp-content\/uploads\/2021\/04\/DSCF9239-1-400x267.jpg 400w, https:\/\/www.serre-poncon-parapente.fr\/wp-content\/uploads\/2021\/04\/DSCF9239-1-600x400.jpg 600w, https:\/\/www.serre-poncon-parapente.fr\/wp-content\/uploads\/2021\/04\/DSCF9239-1-800x533.jpg 800w, https:\/\/www.serre-poncon-parapente.fr\/wp-content\/uploads\/2021\/04\/DSCF9239-1-1200x800.jpg 1200w, https:\/\/www.serre-poncon-parapente.fr\/wp-content\/uploads\/2021\/04\/DSCF9239-1-scaled.jpg 2560w\" sizes=\"(max-width: 640px) 100vw, 800px\" \/><\/span><\/div><\/div><\/div><div class=\"fusion-layout-column fusion_builder_column fusion-builder-column-4 fusion_builder_column_1_3 1_3 fusion-flex-column fusion-flex-align-self-flex-start\" style=\"--awb-padding-bottom:122px;--awb-overflow:hidden;--awb-bg-color:var(--awb-color1);--awb-bg-size:cover;--awb-border-radius:0px 50px 0px 0px;--awb-width-large:33.333333333333%;--awb-spacing-right-large:7.125%;--awb-spacing-left-large:0%;--awb-width-medium:33.333333333333%;--awb-order-medium:0;--awb-spacing-right-medium:7.125%;--awb-spacing-left-medium:0%;--awb-width-small:100%;--awb-order-small:0;--awb-spacing-right-small:2.375%;--awb-spacing-left-small:2.375%;\"><div class=\"fusion-column-wrapper fusion-column-has-shadow fusion-flex-justify-content-center fusion-content-layout-column\">\t\t\t\t\t<script type=\"text\/javascript\">\n\t\t\t\t\t\tvar map_fusion_map_69f32c01e0c32;\n\t\t\t\t\t\tvar markers = [];\n\t\t\t\t\t\tvar counter = 0;\n\t\t\t\t\t\t\t\t\t\t\t\t\t\t\t\t\t\t\t\tvar fusionMapNonce = '20d578b6c7';\n\t\t\t\t\t\t\t\t\t\t\t\tfunction fusion_run_map_fusion_map_69f32c01e0c32() {\n\t\t\t\t\t\t\tjQuery('#fusion_map_69f32c01e0c32').fusion_maps({\n\t\t\t\t\t\t\t\taddresses: [{\"address\":\"Les Ailes du Lac<br \\\/>\\n04340 Ubaye-Serre-Pon\\u00e7on<br \\\/>\\nFrance<br \\\/>\\n\",\"infobox_content\":\"\",\"coordinates\":false,\"cache\":true,\"latitude\":\"44.44336029999999\",\"longitude\":\"6.3717808\"}],\n\t\t\t\t\t\t\t\tanimations: true,\n\t\t\t\t\t\t\t\tinfobox_background_color: '#607d8b',\n\t\t\t\t\t\t\t\tinfobox_styling: 'custom',\n\t\t\t\t\t\t\t\tinfobox_text_color: '',\n\t\t\t\t\t\t\t\tmap_style: 'custom',\n\t\t\t\t\t\t\t\tmap_type: 'roadmap',\n\t\t\t\t\t\t\t\tmarker_icon: '',\n\t\t\t\t\t\t\t\toverlay_color: '',\n\t\t\t\t\t\t\t\toverlay_color_hsl: {\"hue\":0,\"sat\":0,\"lum\":100},\n\t\t\t\t\t\t\t\tpan_control: true,\n\t\t\t\t\t\t\t\tshow_address: false,\n\t\t\t\t\t\t\t\tscale_control: false,\n\t\t\t\t\t\t\t\tscrollwheel: false,\n\t\t\t\t\t\t\t\tzoom: 11,\n\t\t\t\t\t\t\t\tzoom_control: true,\n\t\t\t\t\t\t\t});\n\t\t\t\t\t\t}\n\n\t\t\t\t\t\tgoogle.maps.event.addDomListener(window, 'load', fusion_run_map_fusion_map_69f32c01e0c32);\n\t\t\t\t\t<\/script>\n\t\t\t\t\t<div class=\"shortcode-map fusion-google-map fusion-maps-js-type\" style=\"--awb-height:922px;\" id=\"fusion_map_69f32c01e0c32\"><\/div><\/div><\/div><\/div><\/div><div class=\"fusion-fullwidth fullwidth-box fusion-builder-row-4 fusion-flex-container nonhundred-percent-fullwidth non-hundred-percent-height-scrolling\" style=\"--awb-border-radius-top-left:0px;--awb-border-radius-top-right:0px;--awb-border-radius-bottom-right:0px;--awb-border-radius-bottom-left:0px;--awb-padding-right-small:5%;--awb-padding-left-small:5%;--awb-margin-top:89px;--awb-margin-bottom:50px;--awb-background-color:var(--awb-color1);\" ><div class=\"fusion-builder-row fusion-row fusion-flex-align-items-flex-start\" style=\"max-width:1228.5px;margin-left: calc(-5% \/ 2 );margin-right: calc(-5% \/ 2 );\"><div class=\"fusion-layout-column fusion_builder_column fusion-builder-column-5 fusion_builder_column_1_3 1_3 fusion-flex-column fusion-flex-align-self-flex-start\" style=\"--awb-padding-bottom:275px;--awb-overflow:hidden;--awb-bg-color:var(--awb-color1);--awb-bg-size:cover;--awb-border-radius:50px 0px 0px 0px;--awb-width-large:33.333333333333%;--awb-spacing-right-large:7.125%;--awb-spacing-left-large:0%;--awb-width-medium:33.333333333333%;--awb-order-medium:0;--awb-spacing-right-medium:7.125%;--awb-spacing-left-medium:0%;--awb-width-small:100%;--awb-order-small:0;--awb-spacing-right-small:2.375%;--awb-spacing-left-small:2.375%;\"><div class=\"fusion-column-wrapper fusion-column-has-shadow fusion-flex-justify-content-center fusion-content-layout-column\">\t\t\t\t\t<script type=\"text\/javascript\">\n\t\t\t\t\t\tvar map_fusion_map_69f32c01e1393;\n\t\t\t\t\t\tvar markers = [];\n\t\t\t\t\t\tvar counter = 0;\n\t\t\t\t\t\t\t\t\t\t\t\tfunction fusion_run_map_fusion_map_69f32c01e1393() {\n\t\t\t\t\t\t\tjQuery('#fusion_map_69f32c01e1393').fusion_maps({\n\t\t\t\t\t\t\t\taddresses: [{\"address\":\"telesi\\u00e8ge belvedere<br \\\/>\\n04140 montclar<br \\\/>\",\"infobox_content\":\"\",\"coordinates\":false,\"cache\":true,\"latitude\":\"44.4098402\",\"longitude\":\"6.3518101\"}],\n\t\t\t\t\t\t\t\tanimations: true,\n\t\t\t\t\t\t\t\tinfobox_background_color: '',\n\t\t\t\t\t\t\t\tinfobox_styling: 'default',\n\t\t\t\t\t\t\t\tinfobox_text_color: '',\n\t\t\t\t\t\t\t\tmap_style: 'custom',\n\t\t\t\t\t\t\t\tmap_type: 'roadmap',\n\t\t\t\t\t\t\t\tmarker_icon: '',\n\t\t\t\t\t\t\t\toverlay_color: '',\n\t\t\t\t\t\t\t\toverlay_color_hsl: {\"hue\":0,\"sat\":0,\"lum\":100},\n\t\t\t\t\t\t\t\tpan_control: true,\n\t\t\t\t\t\t\t\tshow_address: false,\n\t\t\t\t\t\t\t\tscale_control: false,\n\t\t\t\t\t\t\t\tscrollwheel: false,\n\t\t\t\t\t\t\t\tzoom: 11,\n\t\t\t\t\t\t\t\tzoom_control: true,\n\t\t\t\t\t\t\t});\n\t\t\t\t\t\t}\n\n\t\t\t\t\t\tgoogle.maps.event.addDomListener(window, 'load', fusion_run_map_fusion_map_69f32c01e1393);\n\t\t\t\t\t<\/script>\n\t\t\t\t\t<div class=\"shortcode-map fusion-google-map fusion-maps-js-type\" style=\"--awb-height:1076px;\" id=\"fusion_map_69f32c01e1393\"><\/div><\/div><\/div><div class=\"fusion-layout-column fusion_builder_column fusion-builder-column-6 fusion_builder_column_2_3 2_3 fusion-flex-column\" style=\"--awb-overflow:hidden;--awb-bg-size:cover;--awb-border-radius:0px 0px 50px 0px;--awb-width-large:66.666666666667%;--awb-spacing-right-large:3.5625%;--awb-spacing-left-large:3.5625%;--awb-width-medium:66.666666666667%;--awb-order-medium:0;--awb-spacing-right-medium:3.5625%;--awb-spacing-left-medium:3.5625%;--awb-width-small:100%;--awb-order-small:0;--awb-spacing-right-small:2.375%;--awb-spacing-left-small:2.375%;\"><div class=\"fusion-column-wrapper fusion-column-has-shadow fusion-flex-justify-content-flex-start fusion-content-layout-column\"><div class=\"fusion-title title fusion-title-4 fusion-sep-none fusion-title-text fusion-title-size-two\" style=\"--awb-text-color:var(--awb-custom_color_2);--awb-font-size:33px;\"><h2 class=\"title-heading-left fusion-responsive-typography-calculated\" style=\"font-family:&quot;Strenuous&quot;;font-style:normal;font-weight:400;margin:0;font-size:1em;--fontSize:33;line-height:1.52;\">Le vol de Saint Jean Montclar<\/h2><\/div><div class=\"fusion-title title fusion-title-5 fusion-title-text fusion-title-size-three\" style=\"--awb-text-color:var(--awb-custom_color_1);--awb-sep-color:rgba(229,229,229,0);\"><div class=\"title-sep-container title-sep-container-left fusion-no-large-visibility fusion-no-medium-visibility fusion-no-small-visibility\"><div class=\"title-sep sep-double sep-solid\" style=\"border-color:rgba(229,229,229,0);\"><\/div><\/div><span class=\"awb-title-spacer fusion-no-large-visibility fusion-no-medium-visibility fusion-no-small-visibility\"><\/span><h3 class=\"title-heading-left fusion-responsive-typography-calculated\" style=\"font-family:&quot;Strenuous&quot;;font-style:normal;font-weight:400;margin:0;--fontSize:30;--minFontSize:30;line-height:1.3;\">Vol Montclar-le-lac<\/h3><span class=\"awb-title-spacer\"><\/span><div class=\"title-sep-container title-sep-container-right\"><div class=\"title-sep sep-double sep-solid\" style=\"border-color:rgba(229,229,229,0);\"><\/div><\/div><\/div><div class=\"fusion-text fusion-text-3\"><p style=\"text-align: justify; font-size: 19px;\" data-fusion-font=\"true\">Het ontmoetingspunt is in het skigebied St Jean 2 Vall\u00e9e. We ontmoeten u aan het begin van de stoeltjeslift Belv\u00e9d\u00e8re aan de voorkant van de helling van het resort. De service is inclusief je liftkaart en je gaat onder begeleiding van je instructeur naar boven. (Let op: als begeleiders de start willen zien, moeten ze betalen voor hun passage naar de skiliften).<\/p>\n<\/div><div class=\"fusion-image-element \" style=\"text-align:center;\"><span class=\" fusion-imageframe imageframe-none imageframe-2 hover-type-none\"><a href=\"https:\/\/www.serre-poncon-parapente.fr\/wp-content\/uploads\/2021\/04\/telesiege-6-places-debraillable-de-montclar.jpg\" class=\"fusion-lightbox\" data-rel=\"iLightbox[633a8ff357867a8b667]\" data-title=\"telesiege-6-places-debraillable-de-montclar\" title=\"telesiege-6-places-debraillable-de-montclar\"><img decoding=\"async\" width=\"800\" height=\"800\" src=\"https:\/\/www.serre-poncon-parapente.fr\/wp-content\/uploads\/2021\/04\/telesiege-6-places-debraillable-de-montclar-1.jpg\" alt class=\"img-responsive wp-image-5479\" srcset=\"https:\/\/www.serre-poncon-parapente.fr\/wp-content\/uploads\/2021\/04\/telesiege-6-places-debraillable-de-montclar-1-200x200.jpg 200w, https:\/\/www.serre-poncon-parapente.fr\/wp-content\/uploads\/2021\/04\/telesiege-6-places-debraillable-de-montclar-1-400x400.jpg 400w, https:\/\/www.serre-poncon-parapente.fr\/wp-content\/uploads\/2021\/04\/telesiege-6-places-debraillable-de-montclar-1-600x600.jpg 600w, https:\/\/www.serre-poncon-parapente.fr\/wp-content\/uploads\/2021\/04\/telesiege-6-places-debraillable-de-montclar-1.jpg 800w\" sizes=\"(max-width: 640px) 100vw, 800px\" \/><\/a><\/span><\/div><\/div><\/div><\/div><\/div><\/p>\n","protected":false},"excerpt":{"rendered":"","protected":false},"author":1,"featured_media":0,"parent":0,"menu_order":0,"comment_status":"closed","ping_status":"closed","template":"100-width.php","meta":{"footnotes":""},"class_list":["post-5966","page","type-page","status-publish","hentry"],"_links":{"self":[{"href":"https:\/\/www.serre-poncon-parapente.fr\/de\/wp-json\/wp\/v2\/pages\/5966","targetHints":{"allow":["GET"]}}],"collection":[{"href":"https:\/\/www.serre-poncon-parapente.fr\/de\/wp-json\/wp\/v2\/pages"}],"about":[{"href":"https:\/\/www.serre-poncon-parapente.fr\/de\/wp-json\/wp\/v2\/types\/page"}],"author":[{"embeddable":true,"href":"https:\/\/www.serre-poncon-parapente.fr\/de\/wp-json\/wp\/v2\/users\/1"}],"replies":[{"embeddable":true,"href":"https:\/\/www.serre-poncon-parapente.fr\/de\/wp-json\/wp\/v2\/comments?post=5966"}],"version-history":[{"count":4,"href":"https:\/\/www.serre-poncon-parapente.fr\/de\/wp-json\/wp\/v2\/pages\/5966\/revisions"}],"predecessor-version":[{"id":7259,"href":"https:\/\/www.serre-poncon-parapente.fr\/de\/wp-json\/wp\/v2\/pages\/5966\/revisions\/7259"}],"wp:attachment":[{"href":"https:\/\/www.serre-poncon-parapente.fr\/de\/wp-json\/wp\/v2\/media?parent=5966"}],"curies":[{"name":"wp","href":"https:\/\/api.w.org\/{rel}","templated":true}]}}